{"id":55,"date":"2023-04-03T19:19:57","date_gmt":"2023-04-03T17:19:57","guid":{"rendered":"https:\/\/consolatozurigo.esteri.it\/?page_id=55"},"modified":"2023-04-03T19:19:57","modified_gmt":"2023-04-03T17:19:57","slug":"dal_consolato","status":"publish","type":"page","link":"https:\/\/consedimburgo.esteri.it\/it\/news\/dal_consolato\/","title":{"rendered":"Dal Consolato"},"content":{"rendered":"        <div class=\"row\">\n\t\t\t<!-- Ricerca sedi post -->\n\t\t\t<div class=\"col-12 mt-4\">\n\t\t\t  <div class=\"callout callout-highlight note ricerca-esteri p-4\">\n                    <div class=\"callout-title\">\n                        <svg class=\"icon\">\n                            <use xlink:href=\"https:\/\/consedimburgo.esteri.it\/wp-content\/themes\/sedi-tema\/assets\/svg\/sprites.svg#it-search\"><\/use>\n                        <\/svg>Inserisci i parametri di ricerca                    <\/div>\n                    <form id=\"searchFormPost\" name=\"form-search-post\" class=\"form-row align-items-center\" action=\"https:\/\/consedimburgo.esteri.it\/it\/wp-json\/wp\/v2\/pages\/55\/\" method=\"GET\"> \n                        <!-- <div class=\"form-group pt-5\"> -->\n                            <!-- <input type=\"hidden\" id=\"lang\" name=\"lang\" value=\"\"> --> <!-- <\/div> -->\n\n                        <div class=\"it-datepicker-wrapper\">\n                            <div class=\"row\">\n                                <div class=\"form-group col-md-6\">\n                                    <label class=\"active\" for=\"date-init\">Dal<\/label>\n                                    <input class=\"form-control\" name=\"date-init\" id=\"date-init\" type=\"date\" placeholder=\"gg\/mm\/aaaa\" value=\"\"lang=\"en-EN\">  \n                                <\/div>\n                                <div class=\"form-group col-md-6\">\n                                    <label class=\"active\" for=\"date-end\">Al<\/label>\n                                    <input class=\"form-control\" name=\"date-end\" id=\"date-end\" type=\"date\" placeholder=\"gg\/mm\/aaaa\" value=\"\">\n                                <\/div>\n                            <\/div>\n                        <\/div>\n                        <div class=\"form-group col-md-12 mt-3\">\n                            <label for=\"searchText\">Campo ricerca libera<\/label>\n                            <input type=\"text\" name=\"searchText\" class=\"form-control\" id=\"searchText\" value=\"\">\n                        <\/div>\n                        <div class=\"form-group col-md-4 offset-md-8 text-end\">\n                            <a href=\"https:\/\/consedimburgo.esteri.it\/it\/news\/dal_consolato\/\" title=\"Form reset\" id=\"resetImput\" class=\"btn btn-outline-primary btn-xs\">Reset<\/a>\n                            <button type=\"submit\" class=\"btn btn-primary btn-xs\">Mostra risultati<\/button>\n                        <\/div>\n                    <\/form>\n\t\t\t\t<\/div>\n\t\t\t<\/div>\n\t\t<\/div>\n                    \n            <div class=\"row\">\n                            <div class=\"col-12 mt-3\">\n                <!--start card-->\n                <div class=\"card-wrapper card-space\">\n                    <div class=\"card card-bg card-big border-bottom-card\">\n                        <div class=\"card-body \">\n                                                        <div class=\"category-top\">\n                                                                                                            <span class=\"\">\n                                        <svg class=\"icon icon-secondary\">\n                                            <use xlink:href=\"https:\/\/consedimburgo.esteri.it\/wp-content\/themes\/sedi-tema\/assets\/svg\/sprites.svg#it-calendar\"><\/use>\n                                        <\/svg> 3 Settembre 2026                                    <\/span>\n                                                                    <\/div>\n                            <h5 class=\"card-title big-heading text-uppercase\"><a class=\"text-body text-decoration-none\" href=\"https:\/\/consedimburgo.esteri.it\/it\/news\/dal_consolato\/2026\/09\/indizione-delle-elezioni-dei-comites-4-dicembre-2026\/\" title=\"INDIZIONE DELLE ELEZIONI DEI COMITES \u2013 4 DICEMBRE 2026\">INDIZIONE DELLE ELEZIONI DEI COMITES \u2013 4 DICEMBRE 2026<\/a><\/h5>\n                            <p class=\"card-text\">Con Decreto consolare del Console Generale per la Scozia e l\u2019Irlanda del Nord [clicca QUI] sono indette le elezioni per l\u2019istituzione e il rinnovo del Comitato degli Italiani all\u2019Estero di Edimburgo. La data delle elezioni \u00e8 fissata al 4 dicembre 2026. Tale data corrisponde all\u2019ultimo giorno utile per far pervenire al proprio Consolato di riferimento [&hellip;]<\/p>\n                                <a title=\"INDIZIONE DELLE ELEZIONI DEI COMITES \u2013 4 DICEMBRE 2026\" class=\"read-more\" href=\"https:\/\/consedimburgo.esteri.it\/it\/news\/dal_consolato\/2026\/09\/indizione-delle-elezioni-dei-comites-4-dicembre-2026\/\">\n                                    <span class=\"text\">Leggi di pi\u00f9<\/span>\n                                    <svg class=\"icon\">\n                                    <use xlink:href=\"https:\/\/consedimburgo.esteri.it\/wp-content\/themes\/sedi-tema\/assets\/svg\/sprites.svg#it-arrow-right\"><\/use>\n                                    <\/svg>\n                                <\/a>\n                                                    <\/div>\n                    <\/div>\n                <\/div>\n                <!--end card-->\n                <\/div><!-- col-12 .mt-3-->\n                            <div class=\"col-12 mt-3\">\n                <!--start card-->\n                <div class=\"card-wrapper card-space\">\n                    <div class=\"card card-bg card-big border-bottom-card\">\n                        <div class=\"card-body \">\n                                                        <div class=\"category-top\">\n                                                                                                            <span class=\"\">\n                                        <svg class=\"icon icon-secondary\">\n                                            <use xlink:href=\"https:\/\/consedimburgo.esteri.it\/wp-content\/themes\/sedi-tema\/assets\/svg\/sprites.svg#it-calendar\"><\/use>\n                                        <\/svg> 27 Agosto 2026                                    <\/span>\n                                                                    <\/div>\n                            <h5 class=\"card-title big-heading text-uppercase\"><a class=\"text-body text-decoration-none\" href=\"https:\/\/consedimburgo.esteri.it\/it\/news\/dal_consolato\/2026\/08\/risposte-alle-domande-frequenti\/\" title=\"Risposte alle domande frequenti\">Risposte alle domande frequenti<\/a><\/h5>\n                            <p class=\"card-text\">Avviso di assunzione per 1 impiegato\/a a contratto a tempo determinato Risposte alle domande frequenti (elenco aggiornato al 27\/08\/2026) &nbsp; 1. Qual \u00e8 la retribuzione prevista per il ruolo di Assistente Amministrativo? La retribuzione mensile lorda si aggira intorno agli Euro 3.600. La spettanza netta mensile varia leggermente a seconda delle circostanze personali. Non sono [&hellip;]<\/p>\n                                <a title=\"Risposte alle domande frequenti\" class=\"read-more\" href=\"https:\/\/consedimburgo.esteri.it\/it\/news\/dal_consolato\/2026\/08\/risposte-alle-domande-frequenti\/\">\n                                    <span class=\"text\">Leggi di pi\u00f9<\/span>\n                                    <svg class=\"icon\">\n                                    <use xlink:href=\"https:\/\/consedimburgo.esteri.it\/wp-content\/themes\/sedi-tema\/assets\/svg\/sprites.svg#it-arrow-right\"><\/use>\n                                    <\/svg>\n                                <\/a>\n                                                    <\/div>\n                    <\/div>\n                <\/div>\n                <!--end card-->\n                <\/div><!-- col-12 .mt-3-->\n                            <div class=\"col-12 mt-3\">\n                <!--start card-->\n                <div class=\"card-wrapper card-space\">\n                    <div class=\"card card-bg card-big border-bottom-card\">\n                        <div class=\"card-body \">\n                                                        <div class=\"category-top\">\n                                                                                                            <span class=\"\">\n                                        <svg class=\"icon icon-secondary\">\n                                            <use xlink:href=\"https:\/\/consedimburgo.esteri.it\/wp-content\/themes\/sedi-tema\/assets\/svg\/sprites.svg#it-calendar\"><\/use>\n                                        <\/svg> 25 Agosto 2026                                    <\/span>\n                                                                    <\/div>\n                            <h5 class=\"card-title big-heading text-uppercase\"><a class=\"text-body text-decoration-none\" href=\"https:\/\/consedimburgo.esteri.it\/it\/news\/dal_consolato\/2026\/08\/avviso-di-assunzione-per-1-impiegato-a-a-contratto-a-tempo-determinato\/\" title=\"Avviso di assunzione per 1 impiegato\/a a contratto a tempo determinato\">Avviso di assunzione per 1 impiegato\/a a contratto a tempo determinato<\/a><\/h5>\n                            <p class=\"card-text\">Il Consolato Generale d\u2019Italia a Edimburgo ha indetto una procedura di selezione per\u00a0assumere 1 impiegato\/a a contratto, con rapporto di lavoro a tempo determinato, da adibire ai servizi di Assistente Amministrativo. La scadenza per l\u2019invio delle candidature (Curriculum Vitae e breve lettera di motivazione) \u00e8 fissata al giorno venerd\u00ec 4 settembre 2026, ore 23.59 (fuso [&hellip;]<\/p>\n                                <a title=\"Avviso di assunzione per 1 impiegato\/a a contratto a tempo determinato\" class=\"read-more\" href=\"https:\/\/consedimburgo.esteri.it\/it\/news\/dal_consolato\/2026\/08\/avviso-di-assunzione-per-1-impiegato-a-a-contratto-a-tempo-determinato\/\">\n                                    <span class=\"text\">Leggi di pi\u00f9<\/span>\n                                    <svg class=\"icon\">\n                                    <use xlink:href=\"https:\/\/consedimburgo.esteri.it\/wp-content\/themes\/sedi-tema\/assets\/svg\/sprites.svg#it-arrow-right\"><\/use>\n                                    <\/svg>\n                                <\/a>\n                                                    <\/div>\n                    <\/div>\n                <\/div>\n                <!--end card-->\n                <\/div><!-- col-12 .mt-3-->\n                            <div class=\"col-12 mt-3\">\n                <!--start card-->\n                <div class=\"card-wrapper card-space\">\n                    <div class=\"card card-bg card-big border-bottom-card\">\n                        <div class=\"card-body \">\n                                                        <div class=\"category-top\">\n                                                                                                            <span class=\"\">\n                                        <svg class=\"icon icon-secondary\">\n                                            <use xlink:href=\"https:\/\/consedimburgo.esteri.it\/wp-content\/themes\/sedi-tema\/assets\/svg\/sprites.svg#it-calendar\"><\/use>\n                                        <\/svg> 21 Agosto 2026                                    <\/span>\n                                                                    <\/div>\n                            <h5 class=\"card-title big-heading text-uppercase\"><a class=\"text-body text-decoration-none\" href=\"https:\/\/consedimburgo.esteri.it\/it\/news\/dal_consolato\/2026\/08\/centralino-telefonico-venerdi-9-maggio-2025\/\" title=\"Centralino telefonico da luned\u00ec 24 agosto a venerd\u00ec 4 settembre &#8211; Summer bank holiday\">Centralino telefonico da luned\u00ec 24 agosto a venerd\u00ec 4 settembre &#8211; Summer bank holiday<\/a><\/h5>\n                            <p class=\"card-text\">Si informa che da luned\u00ec 24 agosto a venerd\u00ec 4 settembre, il centralino telefonico del Consolato Generale sar\u00e0 disponibile solamente nei giorni di luned\u00ec, mercoled\u00ec e venerd\u00ec, nel consueto\u00a0 orario (dalle ore 10:00 alle ore 12:00). Rimane sempre possibile contattare gli uffici ai recapiti di posta elettronica (clicca\u00a0QUI). Il servizio di centralino telefonico e il [&hellip;]<\/p>\n                                <a title=\"Centralino telefonico da luned\u00ec 24 agosto a venerd\u00ec 4 settembre &#8211; Summer bank holiday\" class=\"read-more\" href=\"https:\/\/consedimburgo.esteri.it\/it\/news\/dal_consolato\/2026\/08\/centralino-telefonico-venerdi-9-maggio-2025\/\">\n                                    <span class=\"text\">Leggi di pi\u00f9<\/span>\n                                    <svg class=\"icon\">\n                                    <use xlink:href=\"https:\/\/consedimburgo.esteri.it\/wp-content\/themes\/sedi-tema\/assets\/svg\/sprites.svg#it-arrow-right\"><\/use>\n                                    <\/svg>\n                                <\/a>\n                                                    <\/div>\n                    <\/div>\n                <\/div>\n                <!--end card-->\n                <\/div><!-- col-12 .mt-3-->\n                            <div class=\"col-12 mt-3\">\n                <!--start card-->\n                <div class=\"card-wrapper card-space\">\n                    <div class=\"card card-bg card-big border-bottom-card\">\n                        <div class=\"card-body \">\n                                                        <div class=\"category-top\">\n                                                                                                            <span class=\"\">\n                                        <svg class=\"icon icon-secondary\">\n                                            <use xlink:href=\"https:\/\/consedimburgo.esteri.it\/wp-content\/themes\/sedi-tema\/assets\/svg\/sprites.svg#it-calendar\"><\/use>\n                                        <\/svg> 24 Luglio 2026                                    <\/span>\n                                                                    <\/div>\n                            <h5 class=\"card-title big-heading text-uppercase\"><a class=\"text-body text-decoration-none\" href=\"https:\/\/consedimburgo.esteri.it\/it\/news\/dal_consolato\/2026\/07\/elezioni-comites-2026\/\" title=\"Elezioni Comites 2026\">Elezioni Comites 2026<\/a><\/h5>\n                            <p class=\"card-text\">Nel 2026 avranno luogo le elezioni per il per il rinnovo dei Comitati degli Italiani all\u2019Estero (Com.It.Es).\u00a0 I Com.It.Es. sono organismi che rappresentano i connazionali all\u2019estero nei rapporti con Ambasciate e Consolati e ne favoriscono l\u2019integrazione. Hanno inoltre il compito di preservare la memoria storica dell\u2019emigrazione italiana e valorizzare il contributo italiano nelle societ\u00e0 in [&hellip;]<\/p>\n                                <a title=\"Elezioni Comites 2026\" class=\"read-more\" href=\"https:\/\/consedimburgo.esteri.it\/it\/news\/dal_consolato\/2026\/07\/elezioni-comites-2026\/\">\n                                    <span class=\"text\">Leggi di pi\u00f9<\/span>\n                                    <svg class=\"icon\">\n                                    <use xlink:href=\"https:\/\/consedimburgo.esteri.it\/wp-content\/themes\/sedi-tema\/assets\/svg\/sprites.svg#it-arrow-right\"><\/use>\n                                    <\/svg>\n                                <\/a>\n                                                    <\/div>\n                    <\/div>\n                <\/div>\n                <!--end card-->\n                <\/div><!-- col-12 .mt-3-->\n                            <div class=\"col-12 mt-3\">\n                <!--start card-->\n                <div class=\"card-wrapper card-space\">\n                    <div class=\"card card-bg card-big border-bottom-card\">\n                        <div class=\"card-body \">\n                                                        <div class=\"category-top\">\n                                                                                                            <span class=\"\">\n                                        <svg class=\"icon icon-secondary\">\n                                            <use xlink:href=\"https:\/\/consedimburgo.esteri.it\/wp-content\/themes\/sedi-tema\/assets\/svg\/sprites.svg#it-calendar\"><\/use>\n                                        <\/svg> 20 Luglio 2026                                    <\/span>\n                                                                    <\/div>\n                            <h5 class=\"card-title big-heading text-uppercase\"><a class=\"text-body text-decoration-none\" href=\"https:\/\/consedimburgo.esteri.it\/it\/news\/dal_consolato\/2026\/07\/nomina-del-console-onorario-a-belfast-dott-giorgio-zarrelli\/\" title=\"Nomina del Console Onorario a Belfast, Dott. Giorgio Zarrelli\">Nomina del Console Onorario a Belfast, Dott. Giorgio Zarrelli<\/a><\/h5>\n                            <p class=\"card-text\">Il nuovo Console Onorario d&#8217;Italia a Belfast, Dott. Giorgio Zarrelli, ha prestato oggi giuramento nelle mani del Console Generale Luca Fratini, assumendo ufficialmente le proprie funzioni. Il Dott. Zarrelli potr\u00e0 d\u2019ora in poi erogare presso l\u2019ufficio di Belfast i servizi di competenza del Console Onorario, a supporto dei connazionali residenti in Irlanda del Nord, come [&hellip;]<\/p>\n                                <a title=\"Nomina del Console Onorario a Belfast, Dott. Giorgio Zarrelli\" class=\"read-more\" href=\"https:\/\/consedimburgo.esteri.it\/it\/news\/dal_consolato\/2026\/07\/nomina-del-console-onorario-a-belfast-dott-giorgio-zarrelli\/\">\n                                    <span class=\"text\">Leggi di pi\u00f9<\/span>\n                                    <svg class=\"icon\">\n                                    <use xlink:href=\"https:\/\/consedimburgo.esteri.it\/wp-content\/themes\/sedi-tema\/assets\/svg\/sprites.svg#it-arrow-right\"><\/use>\n                                    <\/svg>\n                                <\/a>\n                                                    <\/div>\n                    <\/div>\n                <\/div>\n                <!--end card-->\n                <\/div><!-- col-12 .mt-3-->\n                            <div class=\"col-12 mt-3\">\n                <!--start card-->\n                <div class=\"card-wrapper card-space\">\n                    <div class=\"card card-bg card-big border-bottom-card\">\n                        <div class=\"card-body \">\n                                                        <div class=\"category-top\">\n                                                                                                            <span class=\"\">\n                                        <svg class=\"icon icon-secondary\">\n                                            <use xlink:href=\"https:\/\/consedimburgo.esteri.it\/wp-content\/themes\/sedi-tema\/assets\/svg\/sprites.svg#it-calendar\"><\/use>\n                                        <\/svg> 15 Luglio 2026                                    <\/span>\n                                                                    <\/div>\n                            <h5 class=\"card-title big-heading text-uppercase\"><a class=\"text-body text-decoration-none\" href=\"https:\/\/consedimburgo.esteri.it\/it\/news\/dal_consolato\/2026\/07\/cessazione-della-validita-della-carta-didentita-cartacea-per-lespatrio-dal-3-agosto-2026\/\" title=\"Cessazione della validit\u00e0 della carta d\u2019identit\u00e0 cartacea per l\u2019espatrio dal 3 agosto 2026\">Cessazione della validit\u00e0 della carta d\u2019identit\u00e0 cartacea per l\u2019espatrio dal 3 agosto 2026<\/a><\/h5>\n                            <p class=\"card-text\">A partire dal 3 agosto 2026 la versione cartacea della carta di identit\u00e0 cesser\u00e0 di essere valida per l\u2019espatrio, indipendentemente dalla data di scadenza riportata sul retro. Il DL 26\/06\/2026 n.108 ha introdotto alcune modifiche importanti: La Carta d\u2019Identit\u00e0 Cartacea non scaduta pu\u00f2 essere utilizzata come strumento identificativo nei rapporti con la Pubblica Amministrazione italiana [&hellip;]<\/p>\n                                <a title=\"Cessazione della validit\u00e0 della carta d\u2019identit\u00e0 cartacea per l\u2019espatrio dal 3 agosto 2026\" class=\"read-more\" href=\"https:\/\/consedimburgo.esteri.it\/it\/news\/dal_consolato\/2026\/07\/cessazione-della-validita-della-carta-didentita-cartacea-per-lespatrio-dal-3-agosto-2026\/\">\n                                    <span class=\"text\">Leggi di pi\u00f9<\/span>\n                                    <svg class=\"icon\">\n                                    <use xlink:href=\"https:\/\/consedimburgo.esteri.it\/wp-content\/themes\/sedi-tema\/assets\/svg\/sprites.svg#it-arrow-right\"><\/use>\n                                    <\/svg>\n                                <\/a>\n                                                    <\/div>\n                    <\/div>\n                <\/div>\n                <!--end card-->\n                <\/div><!-- col-12 .mt-3-->\n                            <div class=\"col-12 mt-3\">\n                <!--start card-->\n                <div class=\"card-wrapper card-space\">\n                    <div class=\"card card-bg card-big border-bottom-card\">\n                        <div class=\"card-body \">\n                                                        <div class=\"category-top\">\n                                                                                                            <span class=\"\">\n                                        <svg class=\"icon icon-secondary\">\n                                            <use xlink:href=\"https:\/\/consedimburgo.esteri.it\/wp-content\/themes\/sedi-tema\/assets\/svg\/sprites.svg#it-calendar\"><\/use>\n                                        <\/svg> 3 Luglio 2026                                    <\/span>\n                                                                    <\/div>\n                            <h5 class=\"card-title big-heading text-uppercase\"><a class=\"text-body text-decoration-none\" href=\"https:\/\/consedimburgo.esteri.it\/it\/news\/dal_consolato\/2026\/07\/saluto-del-nuovo-console-generale-luca-fratini\/\" title=\"Saluto del nuovo Console Generale Luca Fratini\">Saluto del nuovo Console Generale Luca Fratini<\/a><\/h5>\n                            <p class=\"card-text\">Sono molto fiero di aver assunto, dal primo luglio scorso, l\u2019incarico di Console Generale d\u2019Italia a Edimburgo. Lavorer\u00f2 assieme a tutto il personale dell\u2019Ufficio affinch\u00e9 il Consolato Generale si affermi sempre pi\u00f9 come punto di riferimento per i cittadini italiani in Scozia e in Irlanda del Nord. Vogliamo offrire servizi consolari sempre pi\u00f9 efficienti, accessibili [&hellip;]<\/p>\n                                <a title=\"Saluto del nuovo Console Generale Luca Fratini\" class=\"read-more\" href=\"https:\/\/consedimburgo.esteri.it\/it\/news\/dal_consolato\/2026\/07\/saluto-del-nuovo-console-generale-luca-fratini\/\">\n                                    <span class=\"text\">Leggi di pi\u00f9<\/span>\n                                    <svg class=\"icon\">\n                                    <use xlink:href=\"https:\/\/consedimburgo.esteri.it\/wp-content\/themes\/sedi-tema\/assets\/svg\/sprites.svg#it-arrow-right\"><\/use>\n                                    <\/svg>\n                                <\/a>\n                                                    <\/div>\n                    <\/div>\n                <\/div>\n                <!--end card-->\n                <\/div><!-- col-12 .mt-3-->\n                            <div class=\"col-12 mt-3\">\n                <!--start card-->\n                <div class=\"card-wrapper card-space\">\n                    <div class=\"card card-bg card-big border-bottom-card\">\n                        <div class=\"card-body \">\n                                                        <div class=\"category-top\">\n                                                                                                            <span class=\"\">\n                                        <svg class=\"icon icon-secondary\">\n                                            <use xlink:href=\"https:\/\/consedimburgo.esteri.it\/wp-content\/themes\/sedi-tema\/assets\/svg\/sprites.svg#it-calendar\"><\/use>\n                                        <\/svg> 19 Giugno 2026                                    <\/span>\n                                                                    <\/div>\n                            <h5 class=\"card-title big-heading text-uppercase\"><a class=\"text-body text-decoration-none\" href=\"https:\/\/consedimburgo.esteri.it\/it\/news\/dal_consolato\/2026\/06\/orario-ridotto-del-centralino-telefonico-2\/\" title=\"Orario ridotto del centralino telefonico\">Orario ridotto del centralino telefonico<\/a><\/h5>\n                            <p class=\"card-text\">Si informa che il nostro centralino telefonico, nella giornata di luned\u00ec 22 giugno 2026 sar\u00e0 disponibile solamente fino alle ore 11:30. Il servizio riprender\u00e0 regolarmente a partire da marted\u00ec 23 giugno 2026, con il consueto orario: tutti i giorni lavorativi dal luned\u00ec al venerd\u00ec, dalle ore 10:00 alle ore 12:00. Ci scusiamo per il disagio [&hellip;]<\/p>\n                                <a title=\"Orario ridotto del centralino telefonico\" class=\"read-more\" href=\"https:\/\/consedimburgo.esteri.it\/it\/news\/dal_consolato\/2026\/06\/orario-ridotto-del-centralino-telefonico-2\/\">\n                                    <span class=\"text\">Leggi di pi\u00f9<\/span>\n                                    <svg class=\"icon\">\n                                    <use xlink:href=\"https:\/\/consedimburgo.esteri.it\/wp-content\/themes\/sedi-tema\/assets\/svg\/sprites.svg#it-arrow-right\"><\/use>\n                                    <\/svg>\n                                <\/a>\n                                                    <\/div>\n                    <\/div>\n                <\/div>\n                <!--end card-->\n                <\/div><!-- col-12 .mt-3-->\n                            <div class=\"col-12 mt-3\">\n                <!--start card-->\n                <div class=\"card-wrapper card-space\">\n                    <div class=\"card card-bg card-big border-bottom-card\">\n                        <div class=\"card-body \">\n                                                        <div class=\"category-top\">\n                                                                                                            <span class=\"\">\n                                        <svg class=\"icon icon-secondary\">\n                                            <use xlink:href=\"https:\/\/consedimburgo.esteri.it\/wp-content\/themes\/sedi-tema\/assets\/svg\/sprites.svg#it-calendar\"><\/use>\n                                        <\/svg> 8 Giugno 2026                                    <\/span>\n                                                                    <\/div>\n                            <h5 class=\"card-title big-heading text-uppercase\"><a class=\"text-body text-decoration-none\" href=\"https:\/\/consedimburgo.esteri.it\/it\/news\/dal_consolato\/2026\/06\/conferenza-dei-consoli-ditalia-nel-mondo-12-13-giugno\/\" title=\"CONFERENZA DEI CONSOLI D\u2019ITALIA NEL MONDO (12-13 GIUGNO)\">CONFERENZA DEI CONSOLI D\u2019ITALIA NEL MONDO (12-13 GIUGNO)<\/a><\/h5>\n                            <p class=\"card-text\">Hai una domanda per i Consoli italiani? Alla Conferenza dei Consoli d\u2019Italia nel mondo (12-13 giugno), daremo voce alla comunit\u00e0 italiana all&#8217;estero! Scrivi a consoli2026@esteri.it inviando le tue domande o esigenze. Quali servizi ritieni prioritari? Cosa miglioreresti? Quali domande vuoi far arrivare ai Consoli d\u2019Italia? Risponderemo a tutte le vostre domande. Alcuni contributi selezionati saranno [&hellip;]<\/p>\n                                <a title=\"CONFERENZA DEI CONSOLI D\u2019ITALIA NEL MONDO (12-13 GIUGNO)\" class=\"read-more\" href=\"https:\/\/consedimburgo.esteri.it\/it\/news\/dal_consolato\/2026\/06\/conferenza-dei-consoli-ditalia-nel-mondo-12-13-giugno\/\">\n                                    <span class=\"text\">Leggi di pi\u00f9<\/span>\n                                    <svg class=\"icon\">\n                                    <use xlink:href=\"https:\/\/consedimburgo.esteri.it\/wp-content\/themes\/sedi-tema\/assets\/svg\/sprites.svg#it-arrow-right\"><\/use>\n                                    <\/svg>\n                                <\/a>\n                                                    <\/div>\n                    <\/div>\n                <\/div>\n                <!--end card-->\n                <\/div><!-- col-12 .mt-3-->\n            \n            <div class=\"col-md-12 mt-4 pb-4\">\n                <nav class=\"navigation col-md-12\" aria-label=\"Navigation\">\n                    <h2 class=\"screen-reader-text visually-hidden\">Paginazione<\/h2>\n                    <div class=\"nav-links\">\n                    <span aria-current=\"page\" class=\"page-numbers current\">1<\/span>\n<a class=\"page-numbers\" href=\"https:\/\/consedimburgo.esteri.it\/it\/wp-json\/wp\/v2\/pages\/55\/?pag=2\">2<\/a>\n<a class=\"page-numbers\" href=\"https:\/\/consedimburgo.esteri.it\/it\/wp-json\/wp\/v2\/pages\/55\/?pag=3\">3<\/a>\n<span class=\"page-numbers dots\">&hellip;<\/span>\n<a class=\"page-numbers\" href=\"https:\/\/consedimburgo.esteri.it\/it\/wp-json\/wp\/v2\/pages\/55\/?pag=44\">44<\/a>\n<a class=\"next page-numbers\" href=\"https:\/\/consedimburgo.esteri.it\/it\/wp-json\/wp\/v2\/pages\/55\/?pag=2\"><svg class=\"icon icon-primary\"><use xlink:href=\"https:\/\/consedimburgo.esteri.it\/wp-content\/themes\/sedi-tema\/assets\/svg\/sprites.svg#it-chevron-right\"><\/use><\/svg>\n                                    <span class=\"visually-hidden\">Pagina successiva<\/span><\/a>                    <\/div>\n                <\/nav>\n            <\/div>   <!--.col-md-12 -->\n              <\/div><!--.row -->\n              \n","protected":false},"excerpt":{"rendered":"","protected":false},"author":1,"featured_media":0,"parent":21,"menu_order":0,"comment_status":"closed","ping_status":"closed","template":"","meta":{"footnotes":""},"class_list":["post-55","page","type-page","status-publish","hentry"],"_links":{"self":[{"href":"https:\/\/consedimburgo.esteri.it\/it\/wp-json\/wp\/v2\/pages\/55","targetHints":{"allow":["GET"]}}],"collection":[{"href":"https:\/\/consedimburgo.esteri.it\/it\/wp-json\/wp\/v2\/pages"}],"about":[{"href":"https:\/\/consedimburgo.esteri.it\/it\/wp-json\/wp\/v2\/types\/page"}],"author":[{"embeddable":true,"href":"https:\/\/consedimburgo.esteri.it\/it\/wp-json\/wp\/v2\/users\/1"}],"replies":[{"embeddable":true,"href":"https:\/\/consedimburgo.esteri.it\/it\/wp-json\/wp\/v2\/comments?post=55"}],"version-history":[{"count":0,"href":"https:\/\/consedimburgo.esteri.it\/it\/wp-json\/wp\/v2\/pages\/55\/revisions"}],"up":[{"embeddable":true,"href":"https:\/\/consedimburgo.esteri.it\/it\/wp-json\/wp\/v2\/pages\/21"}],"wp:attachment":[{"href":"https:\/\/consedimburgo.esteri.it\/it\/wp-json\/wp\/v2\/media?parent=55"}],"curies":[{"name":"wp","href":"https:\/\/api.w.org\/{rel}","templated":true}]}}